{"id":856,"date":"2020-02-27T08:37:23","date_gmt":"2020-02-27T08:37:23","guid":{"rendered":"https:\/\/vakantiehuiskleinwalsertal.nl\/verhuur\/"},"modified":"2025-11-13T10:21:51","modified_gmt":"2025-11-13T10:21:51","slug":"verhuur","status":"publish","type":"page","link":"https:\/\/vakantiehuiskleinwalsertal.nl\/de\/vermietung-2\/","title":{"rendered":"Vermietung"},"content":{"rendered":"<section class=\"section dark has-parallax\" id=\"section_648548273\">\n\t\t<div class=\"bg section-bg fill bg-fill\" data-parallax-container=\".section\" data-parallax-background data-parallax=\"-3\">\n\n\t\t\t\n\t\t\t<div class=\"section-bg-overlay absolute fill\"><\/div>\n\t\t\t\n\n\t\t<\/div>\n\n\t\t<div class=\"section-content relative\">\n\t\t\t\n\n<div class=\"row\"  id=\"row-576219449\">\n\n\n\t<div id=\"col-236869154\" class=\"col small-12 large-12\"  >\n\t\t<div class=\"col-inner text-center\"  >\n\t\t\t\n\t\t\t\n\n<h2>VERMIETUNG<\/h2>\n<div class=\"row align-center\"  id=\"row-1011110594\">\n\n\n\t<div id=\"col-1810388420\" class=\"col medium-9 small-12 large-6\"  >\n\t\t<div class=\"col-inner\"  >\n\t\t\t\n\t\t\t\n\n<div class=\"row row-collapse\"  id=\"row-2110951153\">\n\n\n\t<div id=\"col-565176923\" class=\"col medium-6 small-12 large-6\"  >\n\t\t<div class=\"col-inner\"  >\n\t\t\t\n\t\t\t\n\n<a href=\"https:\/\/www.kleinwalsertal.com\/de\/Suchen-Buchen\/Unterkunft-buchen\/Unterkunftsliste\/Ferienhaus-Verdoorn_ad-52841\" target=\"_self\" class=\"button white expand\"  >\n    <span>Verf\u00fcgbarkeit<\/span>\n  <\/a>\n\n\n\n\t\t<\/div>\n\t\t\t<\/div>\n\n\t\n\n\t<div id=\"col-539552023\" class=\"col medium-6 small-12 large-6\"  >\n\t\t<div class=\"col-inner\"  >\n\t\t\t\n\t\t\t\n\n<a href=\"https:\/\/www.kleinwalsertal.com\/de\/Suchen-Buchen\/Unterkunft-buchen\/Unterkunftsliste\/Ferienhaus-Verdoorn_ad-52841\" target=\"_self\" class=\"button white is-outline expand open-video\"  >\n    <span>Reservieren<\/span>\n  <\/a>\n\n\n\n\t\t<\/div>\n\t\t\t<\/div>\n\n\t\n\n\n<style>\n#row-2110951153 > .col > .col-inner {\n  padding: 0px 0px 0px 0pxx;\n}\n@media (min-width:550px) {\n  #row-2110951153 > .col > .col-inner {\n    padding: 0px 5px 0px 5px;\n  }\n}\n<\/style>\n<\/div>\n\n\t\t<\/div>\n\t\t\t<\/div>\n\n\t\n\n<\/div>\n\n\t\t<\/div>\n\t\t\t<\/div>\n\n\t\n\n<\/div>\n\n\t\t<\/div>\n\n\t\t\n<style>\n#section_648548273 {\n  padding-top: 90px;\n  padding-bottom: 90px;\n}\n#section_648548273 .section-bg-overlay {\n  background-color: rgba(0, 0, 0, 0.4);\n}\n#section_648548273 .section-bg.bg-loaded {\n  background-image: url(https:\/\/vakantiehuiskleinwalsertal.nl\/wp-content\/uploads\/2020\/03\/Zomer-afbeelding-17.png);\n}\n#section_648548273 .section-bg {\n  background-position: 44% 70%;\n}\n@media (min-width:550px) {\n  #section_648548273 {\n    padding-top: 120px;\n    padding-bottom: 120px;\n  }\n}\n@media (min-width:850px) {\n  #section_648548273 {\n    padding-top: 140px;\n    padding-bottom: 140px;\n  }\n}\n<\/style>\n\t<\/section>\n\t\n\t<section class=\"section\" id=\"section_876051117\">\n\t\t<div class=\"bg section-bg fill bg-fill  bg-loaded\" >\n\n\t\t\t\n\t\t\t\n\t\t\t\n\n\t\t<\/div>\n\n\t\t<div class=\"section-content relative\">\n\t\t\t\n\n\t<div id=\"gap-1576308920\" class=\"gap-element clearfix\" style=\"display:block; height:auto;\">\n\t\t\n<style>\n#gap-1576308920 {\n  padding-top: 40px;\n}\n<\/style>\n\t<\/div>\n\t\n\n<div class=\"row align-center\"  id=\"row-359728344\">\n\n\n\t<div id=\"col-2017265037\" class=\"col medium-4 small-10 large-4\"  >\n\t\t<div class=\"col-inner\"  >\n\t\t\t\n\t\t\t\n\n<h1 class=\"uppercase\"><span style=\"font-size: 150%;\">verMIETUNG<\/span><\/h1>\n<a href=\"\/de\/contact\/\" target=\"_self\" class=\"button primary is-link\"  >\n    <span>KONTAKT<\/span>\n  <i class=\"icon-angle-right\" ><\/i><\/a>\n\n\n\n\t\t<\/div>\n\t\t\t<\/div>\n\n\t\n\n\t<div id=\"col-807634029\" class=\"col medium-8 small-10 large-8\"  >\n\t\t<div class=\"col-inner\"  >\n\t\t\t\n\t\t\t\n\n<p>Das Haus kann von Samstag bis Samstag gemietet werden. In manchen F\u00e4llen kan das Haus auch ab einem anderen Tag gemietet werden, aber das h\u00e4ngt von der Verf\u00fcgbarkeit ab. Sie k\u00f6nnen das Haus f\u00fcr einen Zeitraum von weniger als einer Woche mieten, aber in der Hochsaison zahlen Sie Miete f\u00fcr eine ganze Woche.<\/p>\n<p>Die gro\u00dfe Ferienwohnung von 150qm hat drei Schlafzimmer und im Wohnzimmer steht ein Schlafsofa. Die ger\u00e4umige Ferienwohnung im Untergeschoss von 70qm hat zwei Schlafzimmer und ebenfalls im Wohnzimmer ein Schlafsofa.<\/p>\n<p>Die Kosten sind zuz\u00fcglich Endreinigung und Kurtaxe in H\u00f6he von \u20ac 4,40 pro Personpro Tag ab 14 Jahren.<\/p>\n<p>\u00a0Die Endreinigung f\u00fcr die obere Ferienwohnung von 150qm betr\u00e4gt \u20ac150,- und die Endreinigung f\u00fcr die untere Ferienwohnung von 70qm betr\u00e4gt \u20ac 80,-. F\u00fcr die Reinigung des ganzen Hauses bezahlen Sie \u20ac 230,-.<\/p>\n<p>Direkt nach der Buchung m\u00fcssen Sie eine Anzahlung leisten. 6 Wochen vor dem von Ihnen gebuchten Zeitraum m\u00fcssen Sie den vollst\u00e4ndigen Betrag bezahlen.<\/p>\n\n\t\t<\/div>\n\t\t\t<\/div>\n\n\t\n\n<\/div>\n\n\t\t<\/div>\n\n\t\t\n<style>\n#section_876051117 {\n  padding-top: 0px;\n  padding-bottom: 0px;\n}\n<\/style>\n\t<\/section>\n\t\n\t<section class=\"section\" id=\"section_1535401898\">\n\t\t<div class=\"bg section-bg fill bg-fill  bg-loaded\" >\n\n\t\t\t\n\t\t\t\n\t\t\t\n\n\t\t<\/div>\n\n\t\t<div class=\"section-content relative\">\n\t\t\t\n\n<div class=\"row row-small\"  id=\"row-1865416956\">\n\n\n\t<div id=\"col-1459537167\" class=\"col medium-4 small-12 large-4\"  >\n\t\t<div class=\"col-inner\"  >\n\t\t\t\n\t\t\t\n\n\n  <div class=\"banner has-hover bg-overlay-add\" id=\"banner-2004921771\">\n          <div class=\"banner-inner fill\">\n        <div class=\"banner-bg fill\" >\n            <div class=\"bg fill bg-fill\"><\/div>\n                        <div class=\"overlay\"><\/div>            \n                    <\/div>\n        <div class=\"banner-layers container\">\n            <div class=\"fill banner-link\"><\/div>            \n\n   <div id=\"text-box-1705370342\" class=\"text-box banner-layer x50 md-x50 lg-x50 y50 md-y50 lg-y50 res-text\">\n       <div class=\"hover-zoom-in\">                         <div class=\"text-box-content text dark\">\n              \n              <div class=\"text-inner text-center\">\n                  \n\n<a href=\"https:\/\/vakantiehuiskleinwalsertal.nl\/de\/winter\/\" target=\"_self\" class=\"button white is-link is-large\"  >\n    <span>Winter<\/span>\n  <\/a>\n\n\n\n              <\/div>\n           <\/div>\n                     <\/div>       \n<style>\n#text-box-1705370342 {\n  width: 67%;\n}\n#text-box-1705370342 .text-box-content {\n  font-size: 286%;\n}\n<\/style>\n    <\/div>\n \n\n        <\/div>\n      <\/div>\n\n            \n<style>\n#banner-2004921771 {\n  padding-top: 360px;\n}\n#banner-2004921771 .bg.bg-loaded {\n  background-image: url(https:\/\/vakantiehuiskleinwalsertal.nl\/wp-content\/uploads\/2020\/03\/Winter-afbeelding-1.png);\n}\n#banner-2004921771 .overlay {\n  background-color: rgba(0,0,0,.5);\n}\n#banner-2004921771 .bg {\n  background-position: 42% 38%;\n}\n<\/style>\n  <\/div>\n\n\n\n\t\t<\/div>\n\t\t\t<\/div>\n\n\t\n\n\t<div id=\"col-2145108046\" class=\"col medium-4 small-12 large-4\"  >\n\t\t<div class=\"col-inner\"  >\n\t\t\t\n\t\t\t\n\n\n  <div class=\"banner has-hover bg-overlay-add\" id=\"banner-359916765\">\n          <div class=\"banner-inner fill\">\n        <div class=\"banner-bg fill\" >\n            <div class=\"bg fill bg-fill\"><\/div>\n                        <div class=\"overlay\"><\/div>            \n                    <\/div>\n        <div class=\"banner-layers container\">\n            <a class=\"fill\" href=\"\/de\/het-huis\/\"  ><div class=\"fill banner-link\"><\/div><\/a>            \n\n   <div id=\"text-box-1588984554\" class=\"text-box banner-layer x50 md-x50 lg-x50 y50 md-y50 lg-y50 res-text\">\n       <div class=\"hover-zoom-in\">                         <div class=\"text-box-content text dark\">\n              \n              <div class=\"text-inner text-center\">\n                  \n\n<a href=\"https:\/\/vakantiehuiskleinwalsertal.nl\/de\/het-huis\/\" target=\"_self\" class=\"button white is-link is-large\"  >\n    <span>Das Haus<\/span>\n  <\/a>\n\n\n\n              <\/div>\n           <\/div>\n                     <\/div>       \n<style>\n#text-box-1588984554 {\n  width: 67%;\n}\n#text-box-1588984554 .text-box-content {\n  font-size: 287%;\n}\n<\/style>\n    <\/div>\n \n\n        <\/div>\n      <\/div>\n\n            \n<style>\n#banner-359916765 {\n  padding-top: 360px;\n}\n#banner-359916765 .bg.bg-loaded {\n  background-image: url(https:\/\/vakantiehuiskleinwalsertal.nl\/wp-content\/uploads\/2020\/02\/vakantiehuis_verdoorn.jpg);\n}\n#banner-359916765 .overlay {\n  background-color: rgba(0,0,0,.5);\n}\n#banner-359916765 .bg {\n  background-position: 51% 45%;\n}\n<\/style>\n  <\/div>\n\n\n\n\t\t<\/div>\n\t\t\t<\/div>\n\n\t\n\n\t<div id=\"col-2138858102\" class=\"col medium-4 small-12 large-4\"  >\n\t\t<div class=\"col-inner\"  >\n\t\t\t\n\t\t\t\n\n\n  <div class=\"banner has-hover bg-overlay-add\" id=\"banner-1315634588\">\n          <div class=\"banner-inner fill\">\n        <div class=\"banner-bg fill\" >\n            <div class=\"bg fill bg-fill\"><\/div>\n                        <div class=\"overlay\"><\/div>            \n                    <\/div>\n        <div class=\"banner-layers container\">\n            <div class=\"fill banner-link\"><\/div>            \n\n   <div id=\"text-box-1561228714\" class=\"text-box banner-layer x50 md-x50 lg-x50 y50 md-y50 lg-y50 res-text\">\n       <div class=\"hover-zoom-in\">                         <div class=\"text-box-content text dark\">\n              \n              <div class=\"text-inner text-center\">\n                  \n\n<a href=\"https:\/\/vakantiehuiskleinwalsertal.nl\/de\/zomer\/\" target=\"_self\" class=\"button white is-link is-large\"  >\n    <span>Sommer<\/span>\n  <\/a>\n\n\n\n              <\/div>\n           <\/div>\n                     <\/div>       \n<style>\n#text-box-1561228714 {\n  width: 68%;\n}\n#text-box-1561228714 .text-box-content {\n  font-size: 290%;\n}\n<\/style>\n    <\/div>\n \n\n        <\/div>\n      <\/div>\n\n            \n<style>\n#banner-1315634588 {\n  padding-top: 360px;\n}\n#banner-1315634588 .bg.bg-loaded {\n  background-image: url(https:\/\/vakantiehuiskleinwalsertal.nl\/wp-content\/uploads\/2020\/03\/Zomer-afbeelding-2.png);\n}\n#banner-1315634588 .overlay {\n  background-color: rgba(0,0,0,.5);\n}\n#banner-1315634588 .bg {\n  background-position: 42% 38%;\n}\n<\/style>\n  <\/div>\n\n\n\n\t\t<\/div>\n\t\t\t<\/div>\n\n\t\n\n<\/div>\n\n\t\t<\/div>\n\n\t\t\n<style>\n#section_1535401898 {\n  padding-top: 0px;\n  padding-bottom: 0px;\n  background-color: rgb(255, 255, 255);\n}\n<\/style>\n\t<\/section>\n\t\n\t<div id=\"gap-377073218\" class=\"gap-element clearfix\" style=\"display:block; height:auto;\">\n\t\t\n<style>\n#gap-377073218 {\n  padding-top: 51px;\n}\n<\/style>\n\t<\/div>\n\t\n\n\t<div id=\"gap-1119546131\" class=\"gap-element clearfix\" style=\"display:block; height:auto;\">\n\t\t\n<style>\n#gap-1119546131 {\n  padding-top: 47px;\n}\n<\/style>\n\t<\/div>\n\t\n\n\t<section class=\"section\" id=\"section_63742438\">\n\t\t<div class=\"bg section-bg fill bg-fill\" >\n\n\t\t\t\n\t\t\t<div class=\"section-bg-overlay absolute fill\"><\/div>\n\t\t\t\n\n\t\t<\/div>\n\n\t\t<div class=\"section-content relative\">\n\t\t\t\n\n\t<div id=\"gap-1382771496\" class=\"gap-element clearfix\" style=\"display:block; height:auto;\">\n\t\t\n<style>\n#gap-1382771496 {\n  padding-top: 8px;\n}\n<\/style>\n\t<\/div>\n\t\n\n<div class=\"row row-collapse align-center\"  id=\"row-1432748720\">\n\n\n\t<div id=\"col-157089314\" class=\"col medium-6 small-11 large-6\"  >\n\t\t<div class=\"col-inner text-center\"  >\n\t\t\t\n\t\t\t\n\n\n  <div class=\"banner has-hover\" id=\"banner-857122997\">\n          <div class=\"banner-inner fill\">\n        <div class=\"banner-bg fill\" >\n            <div class=\"bg fill bg-fill\"><\/div>\n                                    \n                    <\/div>\n        <div class=\"banner-layers container\">\n            <div class=\"fill banner-link\"><\/div>            \n\n   <div id=\"text-box-724451277\" class=\"text-box banner-layer x50 md-x50 lg-x50 y50 md-y50 lg-y50 res-text\">\n                                <div class=\"text-box-content text\">\n              \n              <div class=\"text-inner text-center\">\n                  \n\n<h1 style=\"text-align: center;\"><span style=\"font-size: 90%;\">VERF\u00dcGBARKEIT PR\u00dcFEN<\/span><\/h1>\n<p style=\"text-align: center;\"><span style=\"font-size: 160%;\">Hier finden Sie die Verf\u00fcgbarkeit des Ferienhauses<\/span><\/p>\n<p>\u00a0<\/p>\n<a href=\"https:\/\/www.kleinwalsertal.com\/de\/Suchen-Buchen\/Unterkunft-buchen\/Unterkunftsliste\/Ferienhaus-Verdoorn_ad-52841\" target=\"_self\" class=\"button success is-xxlarge\"  >\n    <span>Verf\u00fcgbarkeit<\/span>\n  <\/a>\n\n\n\n              <\/div>\n           <\/div>\n                            \n<style>\n#text-box-724451277 {\n  width: 78%;\n}\n#text-box-724451277 .text-box-content {\n  font-size: 100%;\n}\n<\/style>\n    <\/div>\n \n\n        <\/div>\n      <\/div>\n\n            \n<style>\n#banner-857122997 {\n  padding-top: 500px;\n  background-color: rgb(255,255,255);\n}\n<\/style>\n  <\/div>\n\n\n\n\t\t<\/div>\n\t\t\t<\/div>\n\n\t\n\n\t<div id=\"col-484726489\" class=\"col medium-6 small-11 large-6\"  >\n\t\t<div class=\"col-inner\"  >\n\t\t\t\n\t\t\t\n\n\n  <div class=\"banner has-hover\" id=\"banner-755694770\">\n          <div class=\"banner-inner fill\">\n        <div class=\"banner-bg fill\" >\n            <div class=\"bg fill bg-fill\"><\/div>\n                                    \n                    <\/div>\n        <div class=\"banner-layers container\">\n            <div class=\"fill banner-link\"><\/div>            \n\n\n        <\/div>\n      <\/div>\n\n            \n<style>\n#banner-755694770 {\n  padding-top: 500px;\n  background-color: rgb(228, 228, 228);\n}\n#banner-755694770 .bg.bg-loaded {\n  background-image: url(https:\/\/vakantiehuiskleinwalsertal.nl\/wp-content\/uploads\/2020\/03\/Winter-afbeelding-8.png);\n}\n<\/style>\n  <\/div>\n\n\n\n\t\t<\/div>\n\t\t\t<\/div>\n\n\t\n\n<\/div>\n\n\t\t<\/div>\n\n\t\t\n<style>\n#section_63742438 {\n  padding-top: 68px;\n  padding-bottom: 68px;\n}\n#section_63742438 .section-bg-overlay {\n  background-color: rgba(0,0,0,.5);\n}\n#section_63742438 .section-bg.bg-loaded {\n  background-image: url(https:\/\/vakantiehuiskleinwalsertal.nl\/wp-content\/uploads\/2020\/03\/Winter-afbeelding-25.png);\n}\n#section_63742438 .section-bg {\n  background-position: 66% 46%;\n}\n<\/style>\n\t<\/section>\n\t\n\t<section class=\"section\" id=\"section_1309292865\">\n\t\t<div class=\"bg section-bg fill bg-fill  bg-loaded\" >\n\n\t\t\t\n\t\t\t\n\t\t\t\n\n\t\t<\/div>\n\n\t\t<div class=\"section-content relative\">\n\t\t\t\n\n<div class=\"row align-center\"  id=\"row-671454574\">\n\n\n\t<div id=\"col-575233461\" class=\"col medium-10 small-10 large-8\"  >\n\t\t<div class=\"col-inner text-center\"  >\n\t\t\t\n\t\t\t\n\n<h6 class=\"uppercase\">Die Umgebung<\/h6>\n<h3>Mittelberg\u00a0<\/h3>\n<p><span style=\"font-weight: 400;\">Ferienhaus Verdoorn liegt ideal im \u00f6sterreichischen Mittelberg. <\/span><span style=\"font-weight: 400;\">Charakteristisch f\u00fcr das Haus sind viel Platz, Komfort, der Ausblick und eine gute Erreichbarkeit. <\/span><span style=\"font-weight: 400;\">Ab\u00a0 dem Haus und von den Balkonen aus haben Sie einen fantastischen Blick auf die Berge, dies sorgt f\u00fcr ein herrliches Urlaubsgef\u00fchl.<\/span><\/p>\n<p>\u00a0<\/p>\n\t<div id=\"gap-628879932\" class=\"gap-element clearfix\" style=\"display:block; height:auto;\">\n\t\t\n<style>\n#gap-628879932 {\n  padding-top: 30px;\n}\n<\/style>\n\t<\/div>\n\t\n\n\n  <div class=\"banner has-hover\" id=\"banner-253662783\">\n          <div class=\"banner-inner fill\">\n        <div class=\"banner-bg fill\" >\n            <div class=\"bg fill bg-fill\"><\/div>\n                                    \n                    <\/div>\n        <div class=\"banner-layers container\">\n            <div class=\"fill banner-link\"><\/div>            \n\n   <div id=\"text-box-276830134\" class=\"text-box banner-layer x50 md-x50 lg-x50 y50 md-y50 lg-y50 res-text\">\n                                <div class=\"text-box-content text dark\">\n              \n              <div class=\"text-inner text-center\">\n                  \n\n\n              <\/div>\n           <\/div>\n                            \n<style>\n#text-box-276830134 {\n  width: 60%;\n}\n#text-box-276830134 .text-box-content {\n  font-size: 100%;\n}\n@media (min-width:550px) {\n  #text-box-276830134 {\n    width: 60%;\n  }\n}\n<\/style>\n    <\/div>\n \n\n        <\/div>\n      <\/div>\n\n            \n<style>\n#banner-253662783 {\n  padding-top: 300px;\n  background-color: rgb(255,255,255);\n}\n#banner-253662783 .bg.bg-loaded {\n  background-image: url(https:\/\/vakantiehuiskleinwalsertal.nl\/wp-content\/uploads\/2020\/03\/Zomer-afbeelding-19.png);\n}\n@media (min-width:550px) {\n  #banner-253662783 {\n    padding-top: 400px;\n  }\n}\n@media (min-width:850px) {\n  #banner-253662783 {\n    padding-top: 500px;\n  }\n}\n<\/style>\n  <\/div>\n\n\n\n\t\t<\/div>\n\t\t\n<style>\n#col-575233461 > .col-inner {\n  padding: 60px 0px 0px 0px;\n  margin: 0px 0px -100px 0px;\n}\n<\/style>\n\t<\/div>\n\n\t\n\n<\/div>\n\n\t\t<\/div>\n\n\t\t\n<style>\n#section_1309292865 {\n  padding-top: 30px;\n  padding-bottom: 30px;\n  background-color: rgb(249, 247, 244);\n}\n<\/style>\n\t<\/section>\n\t\n\t<section class=\"section dark\" id=\"section_116342279\">\n\t\t<div class=\"bg section-bg fill bg-fill  bg-loaded\" >\n\n\t\t\t\n\t\t\t\n\t\t\t\n\n\t\t<\/div>\n\n\t\t<div class=\"section-content relative\">\n\t\t\t\n\n\t<div id=\"gap-388008131\" class=\"gap-element clearfix\" style=\"display:block; height:auto;\">\n\t\t\n<style>\n#gap-388008131 {\n  padding-top: 50px;\n}\n<\/style>\n\t<\/div>\n\t\n\n<div class=\"row\"  id=\"row-1226736500\">\n\n\n\t<div id=\"col-767783457\" class=\"col medium-9 small-12 large-9\"  >\n\t\t<div class=\"col-inner\"  >\n\t\t\t\n\t\t\t\n\n<h2>In Mittelberg gibt es viel zu entdecken!<\/h2>\n<h2>Bereit f\u00fcr Ihren Urlaub in \u00d6sterreich?<\/h2>\n\n\t\t<\/div>\n\t\t\t<\/div>\n\n\t\n\n\t<div id=\"col-1250760003\" class=\"col medium-3 small-12 large-3\"  >\n\t\t<div class=\"col-inner\"  >\n\t\t\t\n\t\t\t\n\n<a href=\"https:\/\/www.kleinwalsertal.com\/de\/Suchen-Buchen\/Unterkunft-buchen\/Unterkunftsliste\/Ferienhaus-Verdoorn_ad-52841?activeTab=%23rooms\" target=\"_self\" class=\"button success expand\"  >\n    <span>Preise<\/span>\n  <\/a>\n\n\n<a href=\"https:\/\/www.kleinwalsertal.com\/de\/Suchen-Buchen\/Unterkunft-buchen\/Unterkunftsliste\/Ferienhaus-Verdoorn_ad-52841\" target=\"_self\" class=\"button white expand\"  >\n    <span>RESERVIEREN<\/span>\n  <\/a>\n\n\n\n\t\t<\/div>\n\t\t\t<\/div>\n\n\t\n\n<\/div>\n\n\t\t<\/div>\n\n\t\t\n<style>\n#section_116342279 {\n  padding-top: 0px;\n  padding-bottom: 0px;\n  background-color: rgb(61, 56, 58);\n}\n<\/style>\n\t<\/section>","protected":false},"excerpt":{"rendered":"","protected":false},"author":2,"featured_media":0,"parent":0,"menu_order":0,"comment_status":"closed","ping_status":"closed","template":"page-blank.php","meta":{"footnotes":""},"class_list":["post-856","page","type-page","status-publish","hentry"],"_links":{"self":[{"href":"https:\/\/vakantiehuiskleinwalsertal.nl\/de\/wp-json\/wp\/v2\/pages\/856","targetHints":{"allow":["GET"]}}],"collection":[{"href":"https:\/\/vakantiehuiskleinwalsertal.nl\/de\/wp-json\/wp\/v2\/pages"}],"about":[{"href":"https:\/\/vakantiehuiskleinwalsertal.nl\/de\/wp-json\/wp\/v2\/types\/page"}],"author":[{"embeddable":true,"href":"https:\/\/vakantiehuiskleinwalsertal.nl\/de\/wp-json\/wp\/v2\/users\/2"}],"replies":[{"embeddable":true,"href":"https:\/\/vakantiehuiskleinwalsertal.nl\/de\/wp-json\/wp\/v2\/comments?post=856"}],"version-history":[{"count":29,"href":"https:\/\/vakantiehuiskleinwalsertal.nl\/de\/wp-json\/wp\/v2\/pages\/856\/revisions"}],"predecessor-version":[{"id":19655,"href":"https:\/\/vakantiehuiskleinwalsertal.nl\/de\/wp-json\/wp\/v2\/pages\/856\/revisions\/19655"}],"wp:attachment":[{"href":"https:\/\/vakantiehuiskleinwalsertal.nl\/de\/wp-json\/wp\/v2\/media?parent=856"}],"curies":[{"name":"wp","href":"https:\/\/api.w.org\/{rel}","templated":true}]}}