{"id":599,"date":"2020-03-03T13:40:32","date_gmt":"2020-03-03T13:40:32","guid":{"rendered":"https:\/\/vakantiehuiskleinwalsertal.nl\/?page_id=599"},"modified":"2026-02-12T11:48:39","modified_gmt":"2026-02-12T11:48:39","slug":"prijzen-2","status":"publish","type":"page","link":"https:\/\/vakantiehuiskleinwalsertal.nl\/de\/preise\/","title":{"rendered":"Preise"},"content":{"rendered":"<section class=\"section dark has-parallax\" id=\"section_957737195\">\n\t\t<div class=\"bg section-bg fill bg-fill\" data-parallax-container=\".section\" data-parallax-background data-parallax=\"-3\">\n\n\t\t\t\n\t\t\t<div class=\"section-bg-overlay absolute fill\"><\/div>\n\t\t\t\n\n\t\t<\/div>\n\n\t\t<div class=\"section-content relative\">\n\t\t\t\n\n<div class=\"row\"  id=\"row-1876019653\">\n\n\n\t<div id=\"col-1503436411\" class=\"col small-12 large-12\"  >\n\t\t<div class=\"col-inner text-center\"  >\n\t\t\t\n\t\t\t\n\n<h2>PREISE<\/h2>\n<div class=\"row align-center\"  id=\"row-100544811\">\n\n\n\t<div id=\"col-215489409\" class=\"col medium-9 small-12 large-6\"  >\n\t\t<div class=\"col-inner\"  >\n\t\t\t\n\t\t\t\n\n<div class=\"row row-collapse\"  id=\"row-371400798\">\n\n\n\t<div id=\"col-88487407\" class=\"col medium-6 small-12 large-6\"  >\n\t\t<div class=\"col-inner\"  >\n\t\t\t\n\t\t\t\n\n<a href=\"\/de\/het-huis\/\" target=\"_self\" class=\"button white expand\"  >\n    <span>Das Haus<\/span>\n  <\/a>\n\n\n\n\t\t<\/div>\n\t\t\t<\/div>\n\n\t\n\n\t<div id=\"col-1472579553\" class=\"col medium-6 small-12 large-6\"  >\n\t\t<div class=\"col-inner\"  >\n\t\t\t\n\t\t\t\n\n<a href=\"\/de\/contact\/\" target=\"_self\" class=\"button white is-outline expand\"  >\n    <span>Kontakt<\/span>\n  <\/a>\n\n\n\n\t\t<\/div>\n\t\t\t<\/div>\n\n\t\n\n\n<style>\n#row-371400798 > .col > .col-inner {\n  padding: 0px 0px 0px 0pxx;\n}\n@media (min-width:550px) {\n  #row-371400798 > .col > .col-inner {\n    padding: 0px 5px 0px 5px;\n  }\n}\n<\/style>\n<\/div>\n\n\t\t<\/div>\n\t\t\t<\/div>\n\n\t\n\n<\/div>\n\n\t\t<\/div>\n\t\t\t<\/div>\n\n\t\n\n<\/div>\n\n\t\t<\/div>\n\n\t\t\n<style>\n#section_957737195 {\n  padding-top: 90px;\n  padding-bottom: 90px;\n}\n#section_957737195 .section-bg-overlay {\n  background-color: rgba(0, 0, 0, 0.3);\n}\n#section_957737195 .section-bg.bg-loaded {\n  background-image: url(https:\/\/vakantiehuiskleinwalsertal.nl\/wp-content\/uploads\/2020\/03\/Winter-afbeelding-28.png);\n}\n#section_957737195 .section-bg {\n  background-position: 39% 62%;\n}\n@media (min-width:550px) {\n  #section_957737195 {\n    padding-top: 120px;\n    padding-bottom: 120px;\n  }\n}\n@media (min-width:850px) {\n  #section_957737195 {\n    padding-top: 140px;\n    padding-bottom: 140px;\n  }\n}\n<\/style>\n\t<\/section>\n\t\n\t<section class=\"section\" id=\"section_248484557\">\n\t\t<div class=\"bg section-bg fill bg-fill  bg-loaded\" >\n\n\t\t\t\n\t\t\t\n\t\t\t\n\n\t\t<\/div>\n\n\t\t<div class=\"section-content relative\">\n\t\t\t\n\n\t<div id=\"gap-1164001396\" class=\"gap-element clearfix\" style=\"display:block; height:auto;\">\n\t\t\n<style>\n#gap-1164001396 {\n  padding-top: 40px;\n}\n<\/style>\n\t<\/div>\n\t\n\n<div class=\"row align-center\"  id=\"row-926096177\">\n\n\n\t<div id=\"col-2143303206\" class=\"col medium-4 small-10 large-4\"  >\n\t\t<div class=\"col-inner\"  >\n\t\t\t\n\t\t\t\n\n<h1 class=\"uppercase\"><span style=\"font-size: 130%;\">PREISE<\/span><\/h1>\n<a href=\"\/de\/reserveren\/\" target=\"_self\" class=\"button primary is-underline\"  >\n    <span>Buchung<\/span>\n  <\/a>\n\n\n\n\t\t<\/div>\n\t\t\t<\/div>\n\n\t\n\n\t<div id=\"col-1327246019\" class=\"col medium-8 small-10 large-8\"  >\n\t\t<div class=\"col-inner\"  >\n\t\t\t\n\t\t\t\n\n<section class=\"pdf_page\" aria-label=\"Seite 1\">\n<div class=\"textlayer\">\n<div><span style=\"font-size: 14.4px;\">Sind Sie auf der Suche nach einem sch\u00f6nen Ferienhaus an einem sch\u00f6nen Ort? Ferienhaus Verdoorn in der <\/span><span style=\"font-size: 14.4px;\">Das Kleinwalsertal liegt in einer wundersch\u00f6nen Gegend mit einer gro\u00dfen Auswahl an <\/span><span style=\"font-size: 14.4px;\">Aktivit\u00e4ten. Das Haus ist im Winter und im Sommer verf\u00fcgbar und Sie k\u00f6nnen es mit dem <\/span><span style=\"font-size: 14.4px;\">hele gezin naartoe. In het vakantiehuis kunnen 2-10 personen verblijven. Het huis kan in <\/span><span style=\"font-size: 14.4px;\">als Ganzes, aber auch als zwei separate Wohnungen vermietet werden. Die obere <\/span><span style=\"font-size: 14.4px;\">appartement is geschikt voor max. 6 personen en het onderste appartement is geschikt voor <\/span><span style=\"font-size: 14.4px;\"><span style=\"font-size: 14.4px;\">max. 4 personen. Vakantiehuis Verdoorn in Mittelberg biedt veel mogelijkheden!<\/span><\/span><\/div>\n<div>\n<div id=\"tablepress-3_wrapper\" class=\"dataTables_wrapper no-footer\">\n<p>\u00a0<\/p>\n<table id=\"tablepress-3\" class=\"tablepress tablepress-id-3 dataTable no-footer\" role=\"grid\" aria-describedby=\"tablepress-3_info\">\n<thead>\n<tr class=\"row-1 odd\" role=\"row\">\n<th class=\"column-1 sorting_disabled\" colspan=\"1\" rowspan=\"1\">\n<p>DATUM<\/p>\n<\/th>\n<th class=\"column-2 sorting_disabled\" colspan=\"1\" rowspan=\"1\">150 M2<\/th>\n<th class=\"column-3 sorting_disabled\" colspan=\"1\" rowspan=\"1\">70 M2<\/th>\n<th class=\"column-4 sorting_disabled\" colspan=\"1\" rowspan=\"1\">HOME<\/th>\n<\/tr>\n<\/thead>\n<tbody class=\"row-hover\">\n<tr class=\"row-2 even\" role=\"row\">\n<td class=\"column-1\">Zomer 2026,\u00a0\u00a0<\/td>\n<td class=\"column-2\">1490<\/td>\n<td class=\"column-3\">1010<\/td>\n<td class=\"column-4\">2500<\/td>\n<\/tr>\n<tr class=\"row-3 odd\" role=\"row\">\n<td class=\"column-1\">Voorjaar en herfst 2026<\/td>\n<td class=\"column-2\">1215<\/td>\n<td class=\"column-3\">885<\/td>\n<td class=\"column-4\">2100<\/td>\n<\/tr>\n<\/tbody>\n<\/table>\n<div id=\"tablepress-3_info\" class=\"dataTables_info\" role=\"status\" aria-live=\"polite\">1 bis 2 von 2 Ergebnissen<\/div>\n<\/div>\n<div id=\"tablepress-2_wrapper\" class=\"dataTables_wrapper no-footer\">\n<table id=\"tablepress-2\" class=\"tablepress tablepress-id-2 dataTable no-footer\" role=\"grid\" aria-describedby=\"tablepress-2_info\">\n<caption>\u00a0<\/caption>\n<thead>\n<tr class=\"row-1 odd\" role=\"row\">\n<th class=\"column-1 sorting_disabled\" colspan=\"1\" rowspan=\"1\">DATUM<\/th>\n<th class=\"column-2 sorting_disabled\" colspan=\"1\" rowspan=\"1\">150 M2<\/th>\n<th class=\"column-3 sorting_disabled\" colspan=\"1\" rowspan=\"1\">70 M2<\/th>\n<th class=\"column-4 sorting_disabled\" colspan=\"1\" rowspan=\"1\">HOME<\/th>\n<\/tr>\n<\/thead>\n<tbody class=\"row-hover\">\n<tr class=\"row-2 even\" role=\"row\">\n<td class=\"column-1\">20.12.2025 &#8211; 09.01.2026<\/td>\n<td class=\"column-2\">2780<\/td>\n<td class=\"column-3\">1960<\/td>\n<td class=\"column-4\">4740<\/td>\n<\/tr>\n<tr class=\"row-3 odd\" role=\"row\">\n<td class=\"column-1\">10.01 &#8211; 30.01.2026\u00a0<\/td>\n<td class=\"column-2\">1875<\/td>\n<td class=\"column-3\">1200<\/td>\n<td class=\"column-4\">3075<\/td>\n<\/tr>\n<tr class=\"row-4 even\" role=\"row\">\n<td class=\"column-1\">31.01.- 27.02.2026<\/td>\n<td class=\"column-2\">2780<\/td>\n<td class=\"column-3\">1960<\/td>\n<td class=\"column-4\">4740<\/td>\n<\/tr>\n<tr class=\"row-5 odd\" role=\"row\">\n<td class=\"column-1\">28.-2. &#8211; 10.04.2026<\/td>\n<td class=\"column-2\">1875<\/td>\n<td class=\"column-3\">1200<\/td>\n<td class=\"column-4\">3075<\/td>\n<\/tr>\n<tr class=\"row-6 even\" role=\"row\">\n<td class=\"column-1\">\u00a0<\/td>\n<td class=\"column-2\">\u00a0<\/td>\n<td class=\"column-3\">\u00a0<\/td>\n<td class=\"column-4\">\u00a0<\/td>\n<\/tr>\n<tr class=\"row-7 odd\" role=\"row\">\n<td class=\"column-1\">\u00a0<\/td>\n<td class=\"column-2\">\u00a0<\/td>\n<td class=\"column-3\">\u00a0<\/td>\n<td class=\"column-4\">\u00a0<\/td>\n<\/tr>\n<\/tbody>\n<\/table>\n<\/div>\n<\/div>\n<\/div>\n<div>\u00a0<\/div>\n<\/section>\n<section class=\"pdf_page\" aria-label=\"Seite 2\">\n<div class=\"textlayer\">\n<div>Die Kosten sind exklusive Endreinigung und Kurtaxe von \u20ac 3,70 pro Person und Tag ab 14 Jahren. Die Endreinigung der Wohnung im Obergeschoss mit 150 m2 kostet 140 \u20ac und die Endreinigung der Wohnung im Erdgeschoss mit 70 m2 kostet 70 \u20ac. Die Reinigung des gesamten Hauses kostet \u20ac210.\u00a0<\/div>\n<div>\u00a0<\/div>\n<div>\u00a0<\/div>\n<\/div>\n<\/section>\n\n\t\t<\/div>\n\t\t\t<\/div>\n\n\t\n\n<\/div>\n\n\t\t<\/div>\n\n\t\t\n<style>\n#section_248484557 {\n  padding-top: 30px;\n  padding-bottom: 30px;\n}\n<\/style>\n\t<\/section>\n\t\n\t<section class=\"section\" id=\"section_2089808840\">\n\t\t<div class=\"bg section-bg fill bg-fill  bg-loaded\" >\n\n\t\t\t\n\t\t\t\n\t\t\t\n\n\t\t<\/div>\n\n\t\t<div class=\"section-content relative\">\n\t\t\t\n\n<div class=\"row row-small\"  id=\"row-1863306082\">\n\n\n\t<div id=\"col-645678224\" class=\"col medium-4 small-12 large-4\"  >\n\t\t<div class=\"col-inner\"  >\n\t\t\t\n\t\t\t\n\n\n  <div class=\"banner has-hover bg-fade-out\" id=\"banner-1903046677\">\n          <div class=\"banner-inner fill\">\n        <div class=\"banner-bg fill\" >\n            <div class=\"bg fill bg-fill\"><\/div>\n                        <div class=\"overlay\"><\/div>            \n                    <\/div>\n        <div class=\"banner-layers container\">\n            <div class=\"fill banner-link\"><\/div>            \n\n   <div id=\"text-box-233582915\" class=\"text-box banner-layer x50 md-x50 lg-x50 y50 md-y50 lg-y50 res-text\">\n       <div class=\"hover-slide\">                         <div class=\"text-box-content text dark\">\n              \n              <div class=\"text-inner text-center\">\n                  \n\n<h1><a href=\"https:\/\/vakantiehuiskleinwalsertal.nl\/de\/elements__trashed\/pages__trashed\/contact\/\"><strong>KONTAKT<\/strong><\/a><\/h1>\n\n              <\/div>\n           <\/div>\n                     <\/div>       \n<style>\n#text-box-233582915 {\n  width: 71%;\n}\n#text-box-233582915 .text-box-content {\n  font-size: 100%;\n}\n<\/style>\n    <\/div>\n \n\n        <\/div>\n      <\/div>\n\n            \n<style>\n#banner-1903046677 {\n  padding-top: 360px;\n}\n#banner-1903046677 .bg.bg-loaded {\n  background-image: url(https:\/\/vakantiehuiskleinwalsertal.nl\/wp-content\/uploads\/2020\/03\/Winter-afbeelding-8.png);\n}\n#banner-1903046677 .overlay {\n  background-color: rgba(0, 0, 0, 0.3);\n}\n#banner-1903046677 .bg {\n  background-position: 42% 38%;\n}\n<\/style>\n  <\/div>\n\n\n\n\t\t<\/div>\n\t\t\t<\/div>\n\n\t\n\n\t<div id=\"col-383951776\" class=\"col medium-4 small-12 large-4\"  >\n\t\t<div class=\"col-inner\"  >\n\t\t\t\n\t\t\t\n\n\n  <div class=\"banner has-hover bg-overlay-add\" id=\"banner-1418885013\">\n          <div class=\"banner-inner fill\">\n        <div class=\"banner-bg fill\" >\n            <div class=\"bg fill bg-fill\"><\/div>\n                        <div class=\"overlay\"><\/div>            \n                    <\/div>\n        <div class=\"banner-layers container\">\n            <div class=\"fill banner-link\"><\/div>            \n\n   <div id=\"text-box-858477955\" class=\"text-box banner-layer x50 md-x50 lg-x50 y50 md-y50 lg-y50 res-text\">\n       <div class=\"hover-slide\">                         <div class=\"text-box-content text dark\">\n              \n              <div class=\"text-inner text-center\">\n                  \n\n<h1><a href=\"https:\/\/vakantiehuiskleinwalsertal.nl\/de\/zomer\/\"><strong>SOMMER<\/strong><\/a><\/h1>\n\n              <\/div>\n           <\/div>\n                     <\/div>       \n<style>\n#text-box-858477955 {\n  width: 60%;\n}\n#text-box-858477955 .text-box-content {\n  font-size: 100%;\n}\n<\/style>\n    <\/div>\n \n\n        <\/div>\n      <\/div>\n\n            \n<style>\n#banner-1418885013 {\n  padding-top: 360px;\n}\n#banner-1418885013 .bg.bg-loaded {\n  background-image: url(https:\/\/vakantiehuiskleinwalsertal.nl\/wp-content\/uploads\/2020\/02\/trailrunning-1400x788.jpg);\n}\n#banner-1418885013 .overlay {\n  background-color: rgba(0, 0, 0, 0.3);\n}\n#banner-1418885013 .bg {\n  background-position: 42% 38%;\n}\n<\/style>\n  <\/div>\n\n\n\n\t\t<\/div>\n\t\t\t<\/div>\n\n\t\n\n\t<div id=\"col-1543698762\" class=\"col medium-4 small-12 large-4\"  >\n\t\t<div class=\"col-inner\"  >\n\t\t\t\n\t\t\t\n\n\n  <div class=\"banner has-hover bg-overlay-add\" id=\"banner-685504329\">\n          <div class=\"banner-inner fill\">\n        <div class=\"banner-bg fill\" >\n            <div class=\"bg fill bg-fill\"><\/div>\n                        <div class=\"overlay\"><\/div>            \n                    <\/div>\n        <div class=\"banner-layers container\">\n            <div class=\"fill banner-link\"><\/div>            \n\n   <div id=\"text-box-1408186906\" class=\"text-box banner-layer x50 md-x50 lg-x50 y50 md-y50 lg-y50 res-text\">\n       <div class=\"hover-slide\">                         <div class=\"text-box-content text dark\">\n              \n              <div class=\"text-inner text-center\">\n                  \n\n<h1><a href=\"https:\/\/vakantiehuiskleinwalsertal.nl\/de\/het-huis\/\"><strong>DAS HAUS<\/strong><\/a><\/h1>\n\n              <\/div>\n           <\/div>\n                     <\/div>       \n<style>\n#text-box-1408186906 {\n  width: 60%;\n}\n#text-box-1408186906 .text-box-content {\n  font-size: 100%;\n}\n<\/style>\n    <\/div>\n \n\n        <\/div>\n      <\/div>\n\n            \n<style>\n#banner-685504329 {\n  padding-top: 360px;\n}\n#banner-685504329 .bg.bg-loaded {\n  background-image: url(https:\/\/vakantiehuiskleinwalsertal.nl\/wp-content\/uploads\/2020\/03\/kueche-oben_348157.jpeg);\n}\n#banner-685504329 .overlay {\n  background-color: rgba(0, 0, 0, 0.3);\n}\n#banner-685504329 .bg {\n  background-position: 51% 45%;\n}\n<\/style>\n  <\/div>\n\n\n\n\t\t<\/div>\n\t\t\t<\/div>\n\n\t\n\n<\/div>\n\n\t\t<\/div>\n\n\t\t\n<style>\n#section_2089808840 {\n  padding-top: 42px;\n  padding-bottom: 42px;\n  background-color: rgb(255, 255, 255);\n}\n<\/style>\n\t<\/section>\n\t\n\t<section class=\"section\" id=\"section_772200817\">\n\t\t<div class=\"bg section-bg fill bg-fill  bg-loaded\" >\n\n\t\t\t\n\t\t\t\n\t\t\t\n\n\t\t<\/div>\n\n\t\t<div class=\"section-content relative\">\n\t\t\t\n\n<div class=\"row align-center\"  id=\"row-1897900849\">\n\n\n\t<div id=\"col-1466777942\" class=\"col medium-10 small-10 large-8\"  >\n\t\t<div class=\"col-inner text-center\"  >\n\t\t\t\n\t\t\t\n\n<h3>Ferienhaus Kleinwalsertal: Ein zauberhafter Urlaub<\/h3>\n<div>Interessieren Sie sich f\u00fcr das Ferienhaus und sind Sie neugierig auf die M\u00f6glichkeiten, die Preise oder m\u00f6chten Sie zus\u00e4tzliche Informationen? Bitte kontaktieren Sie uns unter +31 (0) 6 537 893 00 oder senden Sie eine E-Mail an ferienhausverdoorn@gmail.com.<\/div>\n\t<div id=\"gap-758841058\" class=\"gap-element clearfix\" style=\"display:block; height:auto;\">\n\t\t\n<style>\n#gap-758841058 {\n  padding-top: 30px;\n}\n<\/style>\n\t<\/div>\n\t\n\n\n  <div class=\"banner has-hover\" id=\"banner-988576729\">\n          <div class=\"banner-inner fill\">\n        <div class=\"banner-bg fill\" >\n            <div class=\"bg fill bg-fill\"><\/div>\n                                    \n                    <\/div>\n        <div class=\"banner-layers container\">\n            <div class=\"fill banner-link\"><\/div>            \n\n   <div id=\"text-box-251630692\" class=\"text-box banner-layer x50 md-x50 lg-x50 y50 md-y50 lg-y50 res-text\">\n                                <div class=\"text-box-content text dark\">\n              \n              <div class=\"text-inner text-center\">\n                  \n\n\n              <\/div>\n           <\/div>\n                            \n<style>\n#text-box-251630692 {\n  width: 60%;\n}\n#text-box-251630692 .text-box-content {\n  font-size: 100%;\n}\n@media (min-width:550px) {\n  #text-box-251630692 {\n    width: 60%;\n  }\n}\n<\/style>\n    <\/div>\n \n\n        <\/div>\n      <\/div>\n\n            \n<style>\n#banner-988576729 {\n  padding-top: 300px;\n  background-color: rgb(255,255,255);\n}\n#banner-988576729 .bg.bg-loaded {\n  background-image: url(https:\/\/vakantiehuiskleinwalsertal.nl\/wp-content\/uploads\/2020\/03\/Winter-afbeelding-33.png);\n}\n@media (min-width:550px) {\n  #banner-988576729 {\n    padding-top: 400px;\n  }\n}\n@media (min-width:850px) {\n  #banner-988576729 {\n    padding-top: 500px;\n  }\n}\n<\/style>\n  <\/div>\n\n\n\n\t\t<\/div>\n\t\t\n<style>\n#col-1466777942 > .col-inner {\n  padding: 60px 0px 0px 0px;\n  margin: 0px 0px -100px 0px;\n}\n<\/style>\n\t<\/div>\n\n\t\n\n<\/div>\n\n\t\t<\/div>\n\n\t\t\n<style>\n#section_772200817 {\n  padding-top: 30px;\n  padding-bottom: 30px;\n  background-color: rgb(249, 247, 244);\n}\n<\/style>\n\t<\/section>\n\t\n\t<section class=\"section dark\" id=\"section_124049590\">\n\t\t<div class=\"bg section-bg fill bg-fill  bg-loaded\" >\n\n\t\t\t\n\t\t\t\n\t\t\t\n\n\t\t<\/div>\n\n\t\t<div class=\"section-content relative\">\n\t\t\t\n\n\t<div id=\"gap-1528788530\" class=\"gap-element clearfix\" style=\"display:block; height:auto;\">\n\t\t\n<style>\n#gap-1528788530 {\n  padding-top: 50px;\n}\n<\/style>\n\t<\/div>\n\t\n\n<div class=\"row\"  id=\"row-1373199228\">\n\n\n\t<div id=\"col-2095325042\" class=\"col medium-9 small-12 large-9\"  >\n\t\t<div class=\"col-inner\"  >\n\t\t\t\n\t\t\t\n\n<h2>Mittelberg entdecken<\/h2>\n<p>Bereit f\u00fcr Ihren Urlaub in \u00d6sterreich?<\/p>\n\n\t\t<\/div>\n\t\t\t<\/div>\n\n\t\n\n\t<div id=\"col-549577934\" class=\"col medium-3 small-12 large-3\"  >\n\t\t<div class=\"col-inner\"  >\n\t\t\t\n\t\t\t\n\n<a href=\"https:\/\/www.kleinwalsertal.com\/de\/Suchen-Buchen\/Unterkunft-buchen\/Unterkunftsliste\/Ferienhaus-Verdoorn_ad-52841?activeTab=%23rooms\" target=\"_self\" class=\"button success expand\"  >\n    <span>Preise<\/span>\n  <\/a>\n\n\n<a href=\"https:\/\/www.kleinwalsertal.com\/de\/Suchen-Buchen\/Unterkunft-buchen\/Unterkunftsliste\/Ferienhaus-Verdoorn_ad-52841\" target=\"_self\" class=\"button white expand\"  >\n    <span>Jetzt buchen<\/span>\n  <\/a>\n\n\n\n\t\t<\/div>\n\t\t\t<\/div>\n\n\t\n\n<\/div>\n\n\t\t<\/div>\n\n\t\t\n<style>\n#section_124049590 {\n  padding-top: 0px;\n  padding-bottom: 0px;\n  background-color: rgb(61, 56, 58);\n}\n<\/style>\n\t<\/section>","protected":false},"excerpt":{"rendered":"","protected":false},"author":2,"featured_media":0,"parent":0,"menu_order":0,"comment_status":"closed","ping_status":"closed","template":"page-blank.php","meta":{"footnotes":""},"class_list":["post-599","page","type-page","status-publish","hentry"],"_links":{"self":[{"href":"https:\/\/vakantiehuiskleinwalsertal.nl\/de\/wp-json\/wp\/v2\/pages\/599","targetHints":{"allow":["GET"]}}],"collection":[{"href":"https:\/\/vakantiehuiskleinwalsertal.nl\/de\/wp-json\/wp\/v2\/pages"}],"about":[{"href":"https:\/\/vakantiehuiskleinwalsertal.nl\/de\/wp-json\/wp\/v2\/types\/page"}],"author":[{"embeddable":true,"href":"https:\/\/vakantiehuiskleinwalsertal.nl\/de\/wp-json\/wp\/v2\/users\/2"}],"replies":[{"embeddable":true,"href":"https:\/\/vakantiehuiskleinwalsertal.nl\/de\/wp-json\/wp\/v2\/comments?post=599"}],"version-history":[{"count":49,"href":"https:\/\/vakantiehuiskleinwalsertal.nl\/de\/wp-json\/wp\/v2\/pages\/599\/revisions"}],"predecessor-version":[{"id":19760,"href":"https:\/\/vakantiehuiskleinwalsertal.nl\/de\/wp-json\/wp\/v2\/pages\/599\/revisions\/19760"}],"wp:attachment":[{"href":"https:\/\/vakantiehuiskleinwalsertal.nl\/de\/wp-json\/wp\/v2\/media?parent=599"}],"curies":[{"name":"wp","href":"https:\/\/api.w.org\/{rel}","templated":true}]}}